{"id":511,"date":"2022-02-18T11:54:15","date_gmt":"2022-02-18T11:54:15","guid":{"rendered":"http:\/\/wien-cz-sk.at\/?page_id=511"},"modified":"2022-03-22T14:26:40","modified_gmt":"2022-03-22T14:26:40","slug":"divadelni-predstaveni-na-koho-to-slovo-padne","status":"publish","type":"page","link":"https:\/\/wien-cz-sk.at\/de\/divadelni-predstaveni-na-koho-to-slovo-padne","title":{"rendered":"Theaterauff\u00fchrung - Na koho to slovo padne"},"content":{"rendered":"<p>[et_pb_section fb_built=&#8220;1&#8243; _builder_version=&#8220;4.9.3&#8243; _module_preset=&#8220;default&#8220; background_image=&#8220;http:\/\/wien-cz-sk.at\/wp-content\/uploads\/2022\/01\/background.png&#8220; custom_padding=&#8220;||0px|||&#8220;][et_pb_row _builder_version=&#8220;4.9.3&#8243; _module_preset=&#8220;default&#8220; custom_padding=&#8220;0px|||||&#8220;][et_pb_column type=&#8220;4_4&#8243; _builder_version=&#8220;4.9.3&#8243; _module_preset=&#8220;default&#8220;][et_pb_text _builder_version=&#8220;4.9.3&#8243; _module_preset=&#8220;default&#8220; background_layout=&#8220;dark&#8220;]<\/p>\n<h1 style=\"text-align: center;\"><strong>THEATERVORSTELLUNG \u2013 NA KOHO TO SLOVO PADNE<\/strong><\/h1>\n<p>[\/et_pb_text][\/et_pb_column][\/et_pb_row][et_pb_row _builder_version=&#8220;4.9.3&#8243; _module_preset=&#8220;default&#8220;][et_pb_column type=&#8220;4_4&#8243; _builder_version=&#8220;4.9.3&#8243; _module_preset=&#8220;default&#8220;][et_pb_text _builder_version=&#8220;4.9.3&#8243; _module_preset=&#8220;default&#8220; background_layout=&#8220;dark&#8220;]<\/p>\n<h3 style=\"text-align: center;\"><strong>8. M\u00e4rz 2022\u00a0<\/strong><\/h3>\n<p>[\/et_pb_text][\/et_pb_column][\/et_pb_row][\/et_pb_section][et_pb_section fb_built=&#8220;1&#8243; _builder_version=&#8220;4.9.3&#8243; _module_preset=&#8220;default&#8220; custom_padding=&#8220;25px|||||&#8220; hover_enabled=&#8220;0&#8243; sticky_enabled=&#8220;0&#8243;][et_pb_row _builder_version=&#8220;4.9.3&#8243; _module_preset=&#8220;default&#8220; custom_padding=&#8220;0px|||||&#8220;][et_pb_column type=&#8220;4_4&#8243; _builder_version=&#8220;4.9.3&#8243; _module_preset=&#8220;default&#8220;][et_pb_text _builder_version=&#8220;4.9.3&#8243; _module_preset=&#8220;default&#8220;]<\/p>\n<h3 style=\"text-align: center;\"><strong>Veranstalter<\/strong><\/h3>\n<h5 style=\"text-align: center;\"><strong><\/strong><span>\u00d6sterreichisch-slowakischer Kulturverein<\/span><\/h5>\n<p>[\/et_pb_text][\/et_pb_column][\/et_pb_row][et_pb_row column_structure=&#8220;1_3,2_3&#8243; _builder_version=&#8220;4.9.3&#8243; _module_preset=&#8220;default&#8220; width=&#8220;78.9%&#8220; custom_margin=&#8220;-24px|auto|21px|auto||&#8220; min_height=&#8220;1356.5px&#8220;][et_pb_column type=&#8220;1_3&#8243; _builder_version=&#8220;4.9.3&#8243; _module_preset=&#8220;default&#8220;][et_pb_text _builder_version=&#8220;4.9.3&#8243; _module_preset=&#8220;default&#8220;]<\/p>\n<h3 class=\"wnd-align-right\" id=\"wnd_TextBlock_483074_inner_0\" data-wnd_is_separable=\"1\" data-wnd_separable_index=\"0\" data-wnd_separable_id=\"wnd_TextBlock_483074\"><strong>ORT<\/strong><\/h3>\n<div class=\"wnd-align-right\"><span>Sebastianplatz 3, <\/span><\/div>\n<div class=\"wnd-align-right\"><span>1030 Wien<\/span><\/div>\n<h3 class=\"wnd-align-right\" id=\"wnd_TextBlock_483074_inner_2\" data-wnd_is_separable=\"1\" data-wnd_separable_index=\"2\" data-wnd_separable_id=\"wnd_TextBlock_483074\"><span class=\"wnd-font-size-70\"><strong>DATUM<\/strong><\/span><\/h3>\n<p class=\"wnd-align-right\" id=\"wnd_TextBlock_483074_inner_3\" data-wnd_is_separable=\"1\" data-wnd_separable_index=\"3\" data-wnd_separable_id=\"wnd_TextBlock_483074\">8. 03. 2022<\/p>\n<h3 class=\"wnd-align-right\" id=\"wnd_TextBlock_483074_inner_4\" data-wnd_is_separable=\"1\" data-wnd_separable_index=\"4\" data-wnd_separable_id=\"wnd_TextBlock_483074\"><span><strong>BEGINN\u00a0<\/strong><\/span><\/h3>\n<p class=\"wnd-align-right\" id=\"wnd_TextBlock_483074_inner_5\" data-wnd_is_separable=\"1\" data-wnd_separable_index=\"5\" data-wnd_separable_id=\"wnd_TextBlock_483074\">19:00<\/p>\n<h3 class=\"wnd-align-right\" data-wnd_is_separable=\"1\" data-wnd_separable_index=\"11\" data-wnd_separable_id=\"wnd_TextBlock_483074\"><strong>EINTRITTSKARTEN<\/strong><\/h3>\n<p><strong><a href=\"mailto:rsks@slovaci.at\" target=\"_blank\" rel=\"noopener noreferrer\" data-auth=\"NotApplicable\" data-linkindex=\"0\" id=\"LPlnk466927\">rsks@slovaci.at<\/a><\/strong><\/p>\n<h3 class=\"wnd-align-right\" data-wnd_is_separable=\"1\" data-wnd_separable_index=\"11\" data-wnd_separable_id=\"wnd_TextBlock_483074\"><strong>PARTNER<\/strong><\/h3>\n<p><img decoding=\"async\" loading=\"lazy\" src=\"http:\/\/wien-cz-sk.at\/wp-content\/uploads\/2022\/02\/rsks-300x181.png\" width=\"252\" height=\"152\" alt=\"\" class=\"wp-image-501 alignnone size-medium\" srcset=\"https:\/\/wien-cz-sk.at\/wp-content\/uploads\/2022\/02\/rsks-300x181.png 300w, https:\/\/wien-cz-sk.at\/wp-content\/uploads\/2022\/02\/rsks-18x12.png 18w, https:\/\/wien-cz-sk.at\/wp-content\/uploads\/2022\/02\/rsks.png 452w\" sizes=\"(max-width: 252px) 100vw, 252px\" \/><\/p>\n<p><strong><img decoding=\"async\" loading=\"lazy\" src=\"http:\/\/wien-cz-sk.at\/wp-content\/uploads\/2022\/01\/cropped-logo_150let_nove2022-300x137.png\" width=\"241\" height=\"110\" alt=\"\" class=\"wp-image-13 alignnone size-medium\" srcset=\"https:\/\/wien-cz-sk.at\/wp-content\/uploads\/2022\/01\/cropped-logo_150let_nove2022-300x137.png 300w, https:\/\/wien-cz-sk.at\/wp-content\/uploads\/2022\/01\/cropped-logo_150let_nove2022-517x235.png 517w, https:\/\/wien-cz-sk.at\/wp-content\/uploads\/2022\/01\/cropped-logo_150let_nove2022.png 671w\" sizes=\"(max-width: 241px) 100vw, 241px\" \/><\/strong><\/p>\n<p>[\/et_pb_text][\/et_pb_column][et_pb_column type=&#8220;2_3&#8243; _builder_version=&#8220;4.9.3&#8243; _module_preset=&#8220;default&#8220;][et_pb_image src=&#8220;http:\/\/wien-cz-sk.at\/wp-content\/uploads\/2022\/02\/Na-koho-to-slovo-padne.png&#8220; title_text=&#8220;Na koho to slovo padne&#8220; src_tablet=&#8220;&#8220; src_phone=&#8220;&#8220; src_last_edited=&#8220;on|phone&#8220; _builder_version=&#8220;4.9.3&#8243; _module_preset=&#8220;default&#8220; custom_margin=&#8220;-5px|||||&#8220; custom_padding=&#8220;8px|||||&#8220;][\/et_pb_image][et_pb_text _builder_version=&#8220;4.9.3&#8243; _module_preset=&#8220;default&#8220; custom_margin=&#8220;-4px||-62px|||&#8220;]<\/p>\n<h3 id=\"wnd_TextBlock_26143_inner_0\" data-wnd_is_separable=\"1\" data-wnd_separable_index=\"0\" data-wnd_separable_id=\"wnd_TextBlock_26143\"><strong>INFORMATIONEN<\/strong><\/h3>\n<p>Nikola Paula \u0160imkovi\u010dov\u00e1<\/p>\n<p>Na koho to slovo padne<\/p>\n<p>V r\u00e1mci akc\u00ed k Jubilejn\u00edmu roku v\u00edde\u0148sk\u00fdch \u010cech\u016f a Slov\u00e1k\u016f p\u0159ipravil Rakousko-slovensk\u00fd kulturn\u00ed spolek v \u00fater\u00fd 8. b\u0159ezna 2022 nezapomenuteln\u00fd ve\u010der d\u00edky inscenaci Na koho to slovo padne, kterou napsal v roce 1969 ma\u010farsk\u00fd spisovatel, dramatik a dramaturg G\u00e1bor G\u00f6r. V r\u00e1mci absolventsk\u00e9ho p\u0159edstaven\u00ed na V\u0160MU se tohoto d\u00edla ujali studenti R\u00f3bert Jakab, Juraj Kemka, Vladim\u00edr Kobielsky, Luk\u00e1\u0161 Latin\u00e1k a Mari\u00e1n Miezga. Po v\u00edce ne\u017e dvaceti letech s touto velmi \u00fasp\u011b\u0161nou divadeln\u00ed hrou zav\u00edtali i na sc\u00e9nu divadeln\u00edho s\u00e1lu \u0160koly Komensk\u00fd.<\/p>\n<p>Ve h\u0159e vystupuje jeden revolver a p\u011bt protagonist\u00e9, p\u0159i\u010dem\u017e ka\u017ed\u00fd jakoby ztv\u00e1r\u0148oval r\u016fzn\u00e9 spole\u010densk\u00e9 vrstvy. Primitivn\u00ed trestanec, oby\u010dejn\u00fd sedl\u00e1k, spekulant &#8211; \u0159i\u0165olez, aristokrat a intelektu\u00e1l se nach\u00e1zej\u00ed v uzav\u0159en\u00e9 m\u00edstnosti se \u010dty\u0159mi \u017eidlemi, ze kter\u00e9 jedin\u00e1 cesta vede p\u0159es zam\u010den\u00e9 dve\u0159e, od jejich\u017e kl\u00ed\u010d se nach\u00e1z\u00ed zav\u011b\u0161en\u00fd nad jejich hlavami. V pr\u016fb\u011bhu p\u0159edstaven\u00ed se ka\u017ed\u00fd z nich dost\u00e1v\u00e1 ke zbrani, a t\u00edm ik moci, a ot\u00e1\u010d\u00ed kurz d\u011bje ve sv\u016fj prosp\u011bch. Ka\u017ed\u00fd zast\u00e1v\u00e1 jin\u00e9 hodnoty a sna\u017e\u00ed se o dosa\u017een\u00ed jin\u00fdch c\u00edl\u016f, kter\u00e9 si navzdory nelogi\u010dnosti dok\u00e1\u017ee vynutit hrubou silou. Tvrd\u00e9 a chladn\u00e9 sc\u00e9ny st\u0159\u00eddaj\u00ed v\u00fdbuchy sm\u00edchu se slzami v o\u010d\u00edch.<\/p>\n<p>Z psychologicko-filosofick\u00e9ho hlediska ukr\u00fdv\u00e1 hra velmi hlubokou my\u0161lenku. N\u00e1vaznost na politickou situaci a \u0159\u00edzen\u00ed st\u00e1tu je neoddiskutovateln\u00e1. Satirick\u00fd pohled na v\u00fdvoj d\u011bje je velmi pou\u010dn\u00fd. Zat\u00edmco ka\u017ed\u00fd, kdo se zmocn\u00ed zbran\u011b, by mohl nastolit klid a m\u00edr a spole\u010dn\u00fdmi silami z\u00edskat kl\u00ed\u010d ode dve\u0159\u00ed a svobodu pro v\u0161echny, prvotn\u011b tak neu\u010dinil ani jeden z nich. Pocit moci jedince nad ostatn\u00edmi bezprost\u0159edn\u011b vede k jej\u00edmu zneu\u017eit\u00ed k vlastn\u00edm \u00fa\u010del\u016fm, v \u010dem vid\u00edme paralely is na\u0161\u00edm re\u00e1ln\u00fdm sv\u011btem. Tato my\u0161lenka je tak nad\u010dasov\u00e1 a jej\u00ed analogie s aktu\u00e1ln\u00ed politikou tak trefn\u00e1, \u017ee se daj\u00ed aplikovat na jak\u00fdkoli st\u00e1t a jeho politickou situaci. A zat\u00edmco revolver metaforicky zast\u00e1v\u00e1 n\u00e1stroj moci k prosazen\u00ed politick\u00fdch hodnot a n\u00e1zor\u016f individu\u00e1ln\u00edch osob v inscenaci, p\u0159en\u00e1\u0161\u00ed se mi tato analogie i do sou\u010dasn\u00e9 situace na Ukrajin\u011b. Jen\u017ee v tomto p\u0159\u00edpad\u011b zbran\u011b nejsou metaforou&#8230;<\/p>\n<p><span>Archiv RSKS<\/span><\/p>\n<p>&nbsp;<\/p>\n<ul><\/ul>\n<h3 id=\"wnd_TextBlock_26143_inner_0\" data-wnd_is_separable=\"1\" data-wnd_separable_index=\"0\" data-wnd_separable_id=\"wnd_TextBlock_26143\"><\/h3>\n<p>[\/et_pb_text][\/et_pb_column][\/et_pb_row][et_pb_row _builder_version=&#8220;4.9.3&#8243; _module_preset=&#8220;default&#8220; min_height=&#8220;82px&#8220; custom_margin=&#8220;-40px|auto|-42px|auto||&#8220;][et_pb_column _builder_version=&#8220;4.9.3&#8243; _module_preset=&#8220;default&#8220; type=&#8220;4_4&#8243;][et_pb_text _builder_version=&#8220;4.9.3&#8243; _module_preset=&#8220;default&#8220; hover_enabled=&#8220;0&#8243; sticky_enabled=&#8220;0&#8243; min_height=&#8220;27px&#8220;]<\/p>\n<h3><strong>FOTOGALERIE<\/strong><\/h3>\n<p>[\/et_pb_text][\/et_pb_column][\/et_pb_row][et_pb_row _builder_version=&#8220;4.9.3&#8243; _module_preset=&#8220;default&#8220; min_height=&#8220;277.1px&#8220;][et_pb_column type=&#8220;4_4&#8243; _builder_version=&#8220;4.9.3&#8243; _module_preset=&#8220;default&#8220;][et_pb_gallery gallery_ids=&#8220;681,680&#8243; show_title_and_caption=&#8220;off&#8220; _builder_version=&#8220;4.9.3&#8243; _module_preset=&#8220;default&#8220;][\/et_pb_gallery][\/et_pb_column][\/et_pb_row][\/et_pb_section]<\/p>","protected":false},"excerpt":{"rendered":"<p>[et_pb_section fb_built=&#8220;1&#8243; _builder_version=&#8220;4.9.3&#8243; _module_preset=&#8220;default&#8220; background_image=&#8220;http:\/\/wien-cz-sk.at\/wp-content\/uploads\/2022\/01\/background.png&#8220; custom_padding=&#8220;||0px|||&#8220;][et_pb_row _builder_version=&#8220;4.9.3&#8243; _module_preset=&#8220;default&#8220; custom_padding=&#8220;0px|||||&#8220;][et_pb_column type=&#8220;4_4&#8243; _builder_version=&#8220;4.9.3&#8243; _module_preset=&#8220;default&#8220;][et_pb_text _builder_version=&#8220;4.9.3&#8243; _module_preset=&#8220;default&#8220; background_layout=&#8220;dark&#8220;] DIVADELN\u00cd P\u0158EDSTAVEN\u00cd &#8211; NA KOHO TO SLOVO PADNE [\/et_pb_text][\/et_pb_column][\/et_pb_row][et_pb_row _builder_version=&#8220;4.9.3&#8243; _module_preset=&#8220;default&#8220;][et_pb_column type=&#8220;4_4&#8243; _builder_version=&#8220;4.9.3&#8243; _module_preset=&#8220;default&#8220;][et_pb_text _builder_version=&#8220;4.9.3&#8243; [&hellip;]<\/p>","protected":false},"author":1,"featured_media":0,"parent":0,"menu_order":0,"comment_status":"closed","ping_status":"closed","template":"","meta":{"_et_pb_use_builder":"on","_et_pb_old_content":"","_et_gb_content_width":"","om_disable_all_campaigns":false,"_mi_skip_tracking":false},"aioseo_notices":[],"_links":{"self":[{"href":"https:\/\/wien-cz-sk.at\/de\/wp-json\/wp\/v2\/pages\/511"}],"collection":[{"href":"https:\/\/wien-cz-sk.at\/de\/wp-json\/wp\/v2\/pages"}],"about":[{"href":"https:\/\/wien-cz-sk.at\/de\/wp-json\/wp\/v2\/types\/page"}],"author":[{"embeddable":true,"href":"https:\/\/wien-cz-sk.at\/de\/wp-json\/wp\/v2\/users\/1"}],"replies":[{"embeddable":true,"href":"https:\/\/wien-cz-sk.at\/de\/wp-json\/wp\/v2\/comments?post=511"}],"version-history":[{"count":6,"href":"https:\/\/wien-cz-sk.at\/de\/wp-json\/wp\/v2\/pages\/511\/revisions"}],"predecessor-version":[{"id":684,"href":"https:\/\/wien-cz-sk.at\/de\/wp-json\/wp\/v2\/pages\/511\/revisions\/684"}],"wp:attachment":[{"href":"https:\/\/wien-cz-sk.at\/de\/wp-json\/wp\/v2\/media?parent=511"}],"curies":[{"name":"wp","href":"https:\/\/api.w.org\/{rel}","templated":true}]}}