{"id":821,"date":"2022-05-03T06:56:34","date_gmt":"2022-05-03T06:56:34","guid":{"rendered":"https:\/\/wien-cz-sk.at\/?page_id=821"},"modified":"2022-05-03T13:38:17","modified_gmt":"2022-05-03T13:38:17","slug":"beseda-na-kus-reci-s-tomasem-czerninem","status":"publish","type":"page","link":"https:\/\/wien-cz-sk.at\/de\/beseda-na-kus-reci-s-tomasem-czerninem","title":{"rendered":"Beseda \u201eNa kus \u0159e\u010di\u201c s Tom\u00e1\u0161em Czerninem"},"content":{"rendered":"<p>[et_pb_section fb_built=&#8220;1&#8243; _builder_version=&#8220;4.9.3&#8243; _module_preset=&#8220;default&#8220; background_image=&#8220;http:\/\/wien-cz-sk.at\/wp-content\/uploads\/2022\/01\/background.png&#8220; custom_padding=&#8220;||0px|||&#8220;][et_pb_row _builder_version=&#8220;4.9.3&#8243; _module_preset=&#8220;default&#8220; custom_padding=&#8220;0px|||||&#8220;][et_pb_column type=&#8220;4_4&#8243; _builder_version=&#8220;4.9.3&#8243; _module_preset=&#8220;default&#8220;][et_pb_text _builder_version=&#8220;4.9.3&#8243; _module_preset=&#8220;default&#8220; background_layout=&#8220;dark&#8220;]<\/p>\n<h1 style=\"text-align: center;\"><strong>GESPR\u00c4CHSABEND \u201eNA KUS \u0158E\u010cI\u201c MIT TOM\u00c1\u0160 CZERNIN<\/strong><\/h1>\n<p>[\/et_pb_text][\/et_pb_column][\/et_pb_row][et_pb_row _builder_version=&#8220;4.9.3&#8243; _module_preset=&#8220;default&#8220;][et_pb_column type=&#8220;4_4&#8243; _builder_version=&#8220;4.9.3&#8243; _module_preset=&#8220;default&#8220;][et_pb_text _builder_version=&#8220;4.9.3&#8243; _module_preset=&#8220;default&#8220; background_layout=&#8220;dark&#8220;]<\/p>\n<h3 style=\"text-align: center;\"><strong>14. Mai 2022\u00a0<\/strong><\/h3>\n<p>[\/et_pb_text][\/et_pb_column][\/et_pb_row][\/et_pb_section][et_pb_section fb_built=&#8220;1&#8243; _builder_version=&#8220;4.9.3&#8243; _module_preset=&#8220;default&#8220; custom_padding=&#8220;25px|||||&#8220;][et_pb_row _builder_version=&#8220;4.9.3&#8243; _module_preset=&#8220;default&#8220; custom_padding=&#8220;0px|||||&#8220;][et_pb_column type=&#8220;4_4&#8243; _builder_version=&#8220;4.9.3&#8243; _module_preset=&#8220;default&#8220;][et_pb_text _builder_version=&#8220;4.9.3&#8243; _module_preset=&#8220;default&#8220;]<\/p>\n<h3 style=\"text-align: center;\"><strong>Veranstalter<\/strong><\/h3>\n<h5 style=\"text-align: center;\"><strong>V\u00edde\u0148sk\u00e9 svobodn\u00e9 listy, \u010cesk\u00e9 srdce, Slovansk\u00e1 Beseda<\/strong><\/h5>\n<p>[\/et_pb_text][\/et_pb_column][\/et_pb_row][et_pb_row column_structure=&#8220;1_3,2_3&#8243; _builder_version=&#8220;4.9.3&#8243; _module_preset=&#8220;default&#8220; width=&#8220;78.9%&#8220; min_height=&#8220;811.9px&#8220; custom_margin=&#8220;-24px|auto|124px|auto||&#8220;][et_pb_column type=&#8220;1_3&#8243; _builder_version=&#8220;4.9.3&#8243; _module_preset=&#8220;default&#8220;][et_pb_text _builder_version=&#8220;4.9.3&#8243; _module_preset=&#8220;default&#8220;]<\/p>\n<h3 class=\"wnd-align-right\" id=\"wnd_TextBlock_483074_inner_0\" data-wnd_is_separable=\"1\" data-wnd_separable_index=\"0\" data-wnd_separable_id=\"wnd_TextBlock_483074\"><strong>ORT<\/strong><\/h3>\n<div class=\"wnd-align-right\"><span>Drachengasse 3, <\/span><\/div>\n<div class=\"wnd-align-right\"><span>1010 Wien<\/span><\/div>\n<h3 class=\"wnd-align-right\" id=\"wnd_TextBlock_483074_inner_2\" data-wnd_is_separable=\"1\" data-wnd_separable_index=\"2\" data-wnd_separable_id=\"wnd_TextBlock_483074\"><span class=\"wnd-font-size-70\"><strong>DATUM<\/strong><\/span><\/h3>\n<p class=\"wnd-align-right\" id=\"wnd_TextBlock_483074_inner_3\" data-wnd_is_separable=\"1\" data-wnd_separable_index=\"3\" data-wnd_separable_id=\"wnd_TextBlock_483074\">14. 05. 2022<\/p>\n<h3 class=\"wnd-align-right\" id=\"wnd_TextBlock_483074_inner_4\" data-wnd_is_separable=\"1\" data-wnd_separable_index=\"4\" data-wnd_separable_id=\"wnd_TextBlock_483074\"><span><strong>BEGINN\u00a0<\/strong><\/span><\/h3>\n<p class=\"wnd-align-right\" id=\"wnd_TextBlock_483074_inner_5\" data-wnd_is_separable=\"1\" data-wnd_separable_index=\"5\" data-wnd_separable_id=\"wnd_TextBlock_483074\">17:00<\/p>\n<h3 class=\"wnd-align-right\" data-wnd_is_separable=\"1\" data-wnd_separable_index=\"11\" data-wnd_separable_id=\"wnd_TextBlock_483074\"><strong>G\u00c4STE<\/strong><\/h3>\n<p>Tom\u00e1\u0161 Czernin<\/p>\n<h3 class=\"wnd-align-right\" data-wnd_is_separable=\"1\" data-wnd_separable_index=\"11\" data-wnd_separable_id=\"wnd_TextBlock_483074\"><strong>PARTNER<\/strong><\/h3>\n<p><img decoding=\"async\" loading=\"lazy\" src=\"https:\/\/wien-cz-sk.at\/wp-content\/uploads\/2022\/01\/vsl-300x181.png\" width=\"217\" height=\"131\" alt=\"\" class=\"wp-image-260 alignnone size-medium\" srcset=\"https:\/\/wien-cz-sk.at\/wp-content\/uploads\/2022\/01\/vsl-300x181.png 300w, https:\/\/wien-cz-sk.at\/wp-content\/uploads\/2022\/01\/vsl-18x12.png 18w, https:\/\/wien-cz-sk.at\/wp-content\/uploads\/2022\/01\/vsl.png 452w\" sizes=\"(max-width: 217px) 100vw, 217px\" \/><\/p>\n<p><img decoding=\"async\" loading=\"lazy\" src=\"https:\/\/wien-cz-sk.at\/wp-content\/uploads\/2022\/05\/ceske_srdce-1-300x181-1.png\" width=\"217\" height=\"131\" alt=\"\" class=\"wp-image-826 alignnone size-full\" srcset=\"https:\/\/wien-cz-sk.at\/wp-content\/uploads\/2022\/05\/ceske_srdce-1-300x181-1.png 300w, https:\/\/wien-cz-sk.at\/wp-content\/uploads\/2022\/05\/ceske_srdce-1-300x181-1-18x12.png 18w\" sizes=\"(max-width: 217px) 100vw, 217px\" \/><\/p>\n<p>[\/et_pb_text][\/et_pb_column][et_pb_column type=&#8220;2_3&#8243; _builder_version=&#8220;4.9.3&#8243; _module_preset=&#8220;default&#8220;][et_pb_image src=&#8220;https:\/\/wien-cz-sk.at\/wp-content\/uploads\/2022\/05\/Tomas_Czernin_in_2016-scaled.jpg&#8220; title_text=&#8220;Tom\u00e1\u0161_Czernin_in_2016&#8243; src_tablet=&#8220;&#8220; src_phone=&#8220;&#8220; src_last_edited=&#8220;on|phone&#8220; _builder_version=&#8220;4.9.3&#8243; _module_preset=&#8220;default&#8220; custom_margin=&#8220;-5px||-148px|||&#8220; custom_padding=&#8220;8px|||||&#8220;][\/et_pb_image][\/et_pb_column][\/et_pb_row][et_pb_row column_structure=&#8220;1_3,2_3&#8243; _builder_version=&#8220;4.9.3&#8243; _module_preset=&#8220;default&#8220; min_height=&#8220;863.6px&#8220; custom_padding=&#8220;0px|||||&#8220;][et_pb_column type=&#8220;1_3&#8243; _builder_version=&#8220;4.9.3&#8243; _module_preset=&#8220;default&#8220;][\/et_pb_column][et_pb_column type=&#8220;2_3&#8243; _builder_version=&#8220;4.9.3&#8243; _module_preset=&#8220;default&#8220;][et_pb_text _builder_version=&#8220;4.9.3&#8243; _module_preset=&#8220;default&#8220; hover_enabled=&#8220;0&#8243; sticky_enabled=&#8220;0&#8243;]<\/p>\n<h3><strong>Gespr\u00e4chsabend mit Tom\u00e1\u0161 Czernin<\/strong><\/h3>\n<p>Die Wiener tschechische Zeitung V\u00edde\u0148sk\u00e9 svobodn\u00e9 listy hatte einen Gespr\u00e4chsabend mit Dipl.-Ing. Tom\u00e1\u0161 Czernin, dem Vorsitzenden der St\u00e4ndigen Kommission des Senats der Tschechischen Republik (Gegen\u00fcber des \u00f6sterreichischen Bundesrats) f\u00fcr AuslandstschechInnen (Parteizugeh\u00f6rigkeit: TOP 09) f\u00fcr Oktober 2020 geplant gehabt. Nach der Covid-Pandemie haben wir einen neuen Termin gefunden und Herr Czernin kommt am 14. Mai 2022 nach Wien, wof\u00fcr wir ihm in der derzeit schwierigen Zeit herzlich danken.<\/p>\n<p>Senator Tom\u00e1\u0161 Czernin ist auf viererlei Art mit Wien verbunden, man k\u00f6nnte ihn durchaus einen Wiener Tschechen nennen. Das ist eine gute Gespr\u00e4chsbasis f\u00fcr den von Redakteurinnen der V\u00edde\u0148sk\u00e9 svobodn\u00e9 listy gef\u00fchrten Gespr\u00e4chsabend, bei dem auch Diskussion mit dem Publikum vorgesehen ist. Die Veranstalter V\u00edde\u0148sk\u00e9 svobodn\u00e9 listy, \u010cesk\u00e9 srdce und Slovansk\u00e1 Beseda hoffen, dass diese Veranstaltung endlich stattfinden kann.<\/p>\n<p>Die musikalischen Einlagen kommen vom Wiener tschechischen Tamburizza-Verein Adria. Anmeldungen erbeten: <strong>events.vsl@gmail.com<\/strong> bzw.  0043 664 5323261.<\/p>\n<p>Wir laden Sie aufs allerherzlichste ein! Kommen Sie  in Slovansk\u00e1 beseda, Drachengasse 3, 1010 Wien zu unserem Gespr\u00e4chsabend mit Tom\u00e1\u0161 Czernin.<\/p>\n<div><em><strong>Der Gespr\u00e4chsabend steht unter der Schirmherrschaft von Dr. Jakub Nov\u00e1k,<\/strong><\/em><br aria-hidden=\"true\" \/><em><strong>Gesch\u00e4ftstr\u00e4ger der Tschechischen Republik in \u00d6sterreich<\/strong><\/em><br aria-hidden=\"true\" \/><em><strong>sowie des Minderheitenbeirats der TschechInnen und SlowakInnen in \u00d6sterreich<\/strong><\/em><\/div>\n<div><br aria-hidden=\"true\" \/>Die Veranstaltung findet unter den derzeitigen Einschr\u00e4nkungen aufgrund der Covid-19-Pandemie statt.<\/div>\n<p><strong>Dipl.-Ing. Tom\u00e1\u0161 Czernin<\/strong><\/p>\n<p>ist Senator des tschechischen Parlaments. Tom\u00e1\u0161 Czernin ist Angeh\u00f6riger der Familie Czernin, die eng mit der Geschichte der L\u00e4nder der b\u00f6hmischen Krone verbunden ist. Er ist der \u00e4lteste Sohn von Theobald Czernin und Polyxena Lobkowitz. Seine Ehefrau Ursula Czernin, geborene Piringer, stammt aus Wien, studierte in Wien und in Rom Geschichte, hat Tschechisch gelernt. Drei ihrer vier Kinder sind in Wien geboren.<\/p>\n<p>HH<\/p>\n<p>Foto: Martin Vl\u010dek, Senatskanzlei<\/p>\n<p>[\/et_pb_text][\/et_pb_column][\/et_pb_row][et_pb_row _builder_version=&#8220;4.9.3&#8243; _module_preset=&#8220;default&#8220;][et_pb_column type=&#8220;4_4&#8243; _builder_version=&#8220;4.9.3&#8243; _module_preset=&#8220;default&#8220;][et_pb_text _builder_version=&#8220;4.9.3&#8243; _module_preset=&#8220;default&#8220;]<\/p>\n<h3><strong>FOTOGALERIE<\/strong><\/h3>\n<p>[\/et_pb_text][\/et_pb_column][\/et_pb_row][et_pb_row _builder_version=&#8220;4.9.3&#8243; _module_preset=&#8220;default&#8220;][et_pb_column type=&#8220;4_4&#8243; _builder_version=&#8220;4.9.3&#8243; _module_preset=&#8220;default&#8220;][\/et_pb_column][\/et_pb_row][\/et_pb_section]<\/p>","protected":false},"excerpt":{"rendered":"<p>[et_pb_section fb_built=&#8220;1&#8243; _builder_version=&#8220;4.9.3&#8243; _module_preset=&#8220;default&#8220; background_image=&#8220;http:\/\/wien-cz-sk.at\/wp-content\/uploads\/2022\/01\/background.png&#8220; custom_padding=&#8220;||0px|||&#8220;][et_pb_row _builder_version=&#8220;4.9.3&#8243; _module_preset=&#8220;default&#8220; custom_padding=&#8220;0px|||||&#8220;][et_pb_column type=&#8220;4_4&#8243; _builder_version=&#8220;4.9.3&#8243; _module_preset=&#8220;default&#8220;][et_pb_text _builder_version=&#8220;4.9.3&#8243; _module_preset=&#8220;default&#8220; background_layout=&#8220;dark&#8220;] BESEDA \u201eNA KUS \u0158E\u010cI\u201c S TOM\u00c1\u0160EM CZERNINEM [\/et_pb_text][\/et_pb_column][\/et_pb_row][et_pb_row _builder_version=&#8220;4.9.3&#8243; _module_preset=&#8220;default&#8220;][et_pb_column type=&#8220;4_4&#8243; _builder_version=&#8220;4.9.3&#8243; _module_preset=&#8220;default&#8220;][et_pb_text _builder_version=&#8220;4.9.3&#8243; _module_preset=&#8220;default&#8220; [&hellip;]<\/p>","protected":false},"author":1,"featured_media":0,"parent":0,"menu_order":0,"comment_status":"closed","ping_status":"closed","template":"","meta":{"_et_pb_use_builder":"on","_et_pb_old_content":"","_et_gb_content_width":"","om_disable_all_campaigns":false,"_mi_skip_tracking":false},"aioseo_notices":[],"_links":{"self":[{"href":"https:\/\/wien-cz-sk.at\/de\/wp-json\/wp\/v2\/pages\/821"}],"collection":[{"href":"https:\/\/wien-cz-sk.at\/de\/wp-json\/wp\/v2\/pages"}],"about":[{"href":"https:\/\/wien-cz-sk.at\/de\/wp-json\/wp\/v2\/types\/page"}],"author":[{"embeddable":true,"href":"https:\/\/wien-cz-sk.at\/de\/wp-json\/wp\/v2\/users\/1"}],"replies":[{"embeddable":true,"href":"https:\/\/wien-cz-sk.at\/de\/wp-json\/wp\/v2\/comments?post=821"}],"version-history":[{"count":5,"href":"https:\/\/wien-cz-sk.at\/de\/wp-json\/wp\/v2\/pages\/821\/revisions"}],"predecessor-version":[{"id":830,"href":"https:\/\/wien-cz-sk.at\/de\/wp-json\/wp\/v2\/pages\/821\/revisions\/830"}],"wp:attachment":[{"href":"https:\/\/wien-cz-sk.at\/de\/wp-json\/wp\/v2\/media?parent=821"}],"curies":[{"name":"wp","href":"https:\/\/api.w.org\/{rel}","templated":true}]}}