{"id":511,"date":"2022-02-18T11:54:15","date_gmt":"2022-02-18T11:54:15","guid":{"rendered":"http:\/\/wien-cz-sk.at\/?page_id=511"},"modified":"2022-03-22T14:26:40","modified_gmt":"2022-03-22T14:26:40","slug":"divadelni-predstaveni-na-koho-to-slovo-padne","status":"publish","type":"page","link":"https:\/\/wien-cz-sk.at\/sk\/divadelni-predstaveni-na-koho-to-slovo-padne","title":{"rendered":"Divadeln\u00e9 predstavenie \u2013 Na koho to slovo padne"},"content":{"rendered":"<p>[et_pb_section fb_built=&#8220;1&#8243; _builder_version=&#8220;4.9.3&#8243; _module_preset=&#8220;default&#8220; background_image=&#8220;http:\/\/wien-cz-sk.at\/wp-content\/uploads\/2022\/01\/background.png&#8220; custom_padding=&#8220;||0px|||&#8220;][et_pb_row _builder_version=&#8220;4.9.3&#8243; _module_preset=&#8220;default&#8220; custom_padding=&#8220;0px|||||&#8220;][et_pb_column type=&#8220;4_4&#8243; _builder_version=&#8220;4.9.3&#8243; _module_preset=&#8220;default&#8220;][et_pb_text _builder_version=&#8220;4.9.3&#8243; _module_preset=&#8220;default&#8220; background_layout=&#8220;dark&#8220;]<\/p>\n<h1 style=\"text-align: center;\"><strong>DIVADELN\u00c9 PREDSTAVENIE \u2013 NA KOHO TO SLOVO PADNE<\/strong><\/h1>\n<p>[\/et_pb_text][\/et_pb_column][\/et_pb_row][et_pb_row _builder_version=&#8220;4.9.3&#8243; _module_preset=&#8220;default&#8220;][et_pb_column type=&#8220;4_4&#8243; _builder_version=&#8220;4.9.3&#8243; _module_preset=&#8220;default&#8220;][et_pb_text _builder_version=&#8220;4.9.3&#8243; _module_preset=&#8220;default&#8220; background_layout=&#8220;dark&#8220;]<\/p>\n<h3 style=\"text-align: center;\"><strong>8. marca 2022\u00a0<\/strong><\/h3>\n<p>[\/et_pb_text][\/et_pb_column][\/et_pb_row][\/et_pb_section][et_pb_section fb_built=&#8220;1&#8243; _builder_version=&#8220;4.9.3&#8243; _module_preset=&#8220;default&#8220; custom_padding=&#8220;25px|||||&#8220; hover_enabled=&#8220;0&#8243; sticky_enabled=&#8220;0&#8243;][et_pb_row _builder_version=&#8220;4.9.3&#8243; _module_preset=&#8220;default&#8220; custom_padding=&#8220;0px|||||&#8220;][et_pb_column type=&#8220;4_4&#8243; _builder_version=&#8220;4.9.3&#8243; _module_preset=&#8220;default&#8220;][et_pb_text _builder_version=&#8220;4.9.3&#8243; _module_preset=&#8220;default&#8220;]<\/p>\n<h3 style=\"text-align: center;\"><strong>Usporiadate\u013e<\/strong><\/h3>\n<h5 style=\"text-align: center;\"><strong><\/strong><span>Rak\u00fasko-slovensk\u00fd kult\u00farny spolok<\/span><\/h5>\n<p>[\/et_pb_text][\/et_pb_column][\/et_pb_row][et_pb_row column_structure=&#8220;1_3,2_3&#8243; _builder_version=&#8220;4.9.3&#8243; _module_preset=&#8220;default&#8220; width=&#8220;78.9%&#8220; custom_margin=&#8220;-24px|auto|21px|auto||&#8220; min_height=&#8220;1356.5px&#8220;][et_pb_column type=&#8220;1_3&#8243; _builder_version=&#8220;4.9.3&#8243; _module_preset=&#8220;default&#8220;][et_pb_text _builder_version=&#8220;4.9.3&#8243; _module_preset=&#8220;default&#8220;]<\/p>\n<h3 class=\"wnd-align-right\" id=\"wnd_TextBlock_483074_inner_0\" data-wnd_is_separable=\"1\" data-wnd_separable_index=\"0\" data-wnd_separable_id=\"wnd_TextBlock_483074\"><strong>MIESTO KONANIA<\/strong><\/h3>\n<div class=\"wnd-align-right\"><span>Sebastianplatz 3, <\/span><\/div>\n<div class=\"wnd-align-right\"><span>1030 Viede\u0148<\/span><\/div>\n<h3 class=\"wnd-align-right\" id=\"wnd_TextBlock_483074_inner_2\" data-wnd_is_separable=\"1\" data-wnd_separable_index=\"2\" data-wnd_separable_id=\"wnd_TextBlock_483074\"><span class=\"wnd-font-size-70\"><strong>D\u00c1TUM<\/strong><\/span><\/h3>\n<p class=\"wnd-align-right\" id=\"wnd_TextBlock_483074_inner_3\" data-wnd_is_separable=\"1\" data-wnd_separable_index=\"3\" data-wnd_separable_id=\"wnd_TextBlock_483074\">8. 03. 2022<\/p>\n<h3 class=\"wnd-align-right\" id=\"wnd_TextBlock_483074_inner_4\" data-wnd_is_separable=\"1\" data-wnd_separable_index=\"4\" data-wnd_separable_id=\"wnd_TextBlock_483074\"><span><strong>ZA\u010cIATOK\u00a0<\/strong><\/span><\/h3>\n<p class=\"wnd-align-right\" id=\"wnd_TextBlock_483074_inner_5\" data-wnd_is_separable=\"1\" data-wnd_separable_index=\"5\" data-wnd_separable_id=\"wnd_TextBlock_483074\">19:00 hod<\/p>\n<h3 class=\"wnd-align-right\" data-wnd_is_separable=\"1\" data-wnd_separable_index=\"11\" data-wnd_separable_id=\"wnd_TextBlock_483074\"><strong>VSTUPENKY<\/strong><\/h3>\n<p><strong><a href=\"mailto:rsks@slovaci.at\" target=\"_blank\" rel=\"noopener noreferrer\" data-auth=\"NotApplicable\" data-linkindex=\"0\" id=\"LPlnk466927\">rsks@slovaci.at<\/a><\/strong><\/p>\n<h3 class=\"wnd-align-right\" data-wnd_is_separable=\"1\" data-wnd_separable_index=\"11\" data-wnd_separable_id=\"wnd_TextBlock_483074\"><strong>PARTNERI<\/strong><\/h3>\n<p><img decoding=\"async\" loading=\"lazy\" src=\"http:\/\/wien-cz-sk.at\/wp-content\/uploads\/2022\/02\/rsks-300x181.png\" width=\"252\" height=\"152\" alt=\"\" class=\"wp-image-501 alignnone size-medium\" srcset=\"https:\/\/wien-cz-sk.at\/wp-content\/uploads\/2022\/02\/rsks-300x181.png 300w, https:\/\/wien-cz-sk.at\/wp-content\/uploads\/2022\/02\/rsks-18x12.png 18w, https:\/\/wien-cz-sk.at\/wp-content\/uploads\/2022\/02\/rsks.png 452w\" sizes=\"(max-width: 252px) 100vw, 252px\" \/><\/p>\n<p><strong><img decoding=\"async\" loading=\"lazy\" src=\"http:\/\/wien-cz-sk.at\/wp-content\/uploads\/2022\/01\/cropped-logo_150let_nove2022-300x137.png\" width=\"241\" height=\"110\" alt=\"\" class=\"wp-image-13 alignnone size-medium\" srcset=\"https:\/\/wien-cz-sk.at\/wp-content\/uploads\/2022\/01\/cropped-logo_150let_nove2022-300x137.png 300w, https:\/\/wien-cz-sk.at\/wp-content\/uploads\/2022\/01\/cropped-logo_150let_nove2022-517x235.png 517w, https:\/\/wien-cz-sk.at\/wp-content\/uploads\/2022\/01\/cropped-logo_150let_nove2022.png 671w\" sizes=\"(max-width: 241px) 100vw, 241px\" \/><\/strong><\/p>\n<p>[\/et_pb_text][\/et_pb_column][et_pb_column type=&#8220;2_3&#8243; _builder_version=&#8220;4.9.3&#8243; _module_preset=&#8220;default&#8220;][et_pb_image src=&#8220;http:\/\/wien-cz-sk.at\/wp-content\/uploads\/2022\/02\/Na-koho-to-slovo-padne.png&#8220; title_text=&#8220;Na koho to slovo padne&#8220; src_tablet=&#8220;&#8220; src_phone=&#8220;&#8220; src_last_edited=&#8220;on|phone&#8220; _builder_version=&#8220;4.9.3&#8243; _module_preset=&#8220;default&#8220; custom_margin=&#8220;-5px|||||&#8220; custom_padding=&#8220;8px|||||&#8220;][\/et_pb_image][et_pb_text _builder_version=&#8220;4.9.3&#8243; _module_preset=&#8220;default&#8220; custom_margin=&#8220;-4px||-62px|||&#8220;]<\/p>\n<h3 id=\"wnd_TextBlock_26143_inner_0\" data-wnd_is_separable=\"1\" data-wnd_separable_index=\"0\" data-wnd_separable_id=\"wnd_TextBlock_26143\"><strong>INFORM\u00c1CIE<\/strong><\/h3>\n<p>Nikola Paula \u0160imkovi\u010dov\u00e1<\/p>\n<p>Na koho to slovo padne<\/p>\n<p>V r\u00e1mci podujat\u00ed k Jubilejn\u00e9mu roku viedensk\u00fdch \u010cechov a Slov\u00e1kov pripravil Rak\u00fasko-slovensk\u00fd kult\u00farny spolok v utorok 8. marca 2022 nezabudnute\u013en\u00fd ve\u010der v\u010faka inscen\u00e1cii Na koho to slovo padne, ktor\u00fa nap\u00edsal v roku 1969 ma\u010farsk\u00fd spisovate\u013e, dramatik a dramaturg G\u00e1bor G\u00f6rgey. V r\u00e1mci absolventsk\u00e9ho predstavenia na V\u0160MU sa tohto diela ujali \u0161tudenti R\u00f3bert Jakab, Juraj Kemka, Vladim\u00edr Kobielsky, Luk\u00e1\u0161 Latin\u00e1k a Mari\u00e1n Miezga. Po vy\u0161e dvadsiatich rokoch zav\u00edtali s touto ve\u013emi \u00faspe\u0161nou divadelnou hrou aj na sc\u00e9nu divadelnej s\u00e1ly \u0160koly Komensk\u00fd.<\/p>\n<p>V hre vystupuje jeden revolver a piati protagonisti, pri\u010dom ka\u017ed\u00fd akoby stv\u00e1r\u0148oval r\u00f4zne spolo\u010densk\u00e9 vrstvy. Primit\u00edvny trestanec, oby\u010dajn\u00fd sedliak, \u0161pekulant - ri\u0165olez, aristokrat a intelektu\u00e1l sa nach\u00e1dzaj\u00fa v uzavretej miestnosti so \u0161tyrmi stoli\u010dkami, z ktorej jedin\u00e1 cesta vedie cez zamknut\u00e9 dvere, od ktor\u00fdch k\u013e\u00fa\u010d sa nach\u00e1dza zavesen\u00fd nad ich hlavami. V priebehu predstavenia sa ka\u017ed\u00fd z nich dost\u00e1va k zbrani, a t\u00fdm aj k moci, a ot\u00e1\u010da kurz deja vo svoj prospech. Ka\u017ed\u00fd zast\u00e1va in\u00e9 hodnoty a sna\u017e\u00ed sa o dosiahnutie in\u00fdch cie\u013eov, ktor\u00e9 si napriek nelogickosti dok\u00e1\u017ee vyn\u00fati\u0165 hrubou silou. Tvrd\u00e9 a chladn\u00e9 sc\u00e9ny striedaj\u00fa v\u00fdbuchy smiechu so slzami v o\u010diach.<\/p>\n<p>Z psychologicko-filozofick\u00e9ho h\u013eadiska ukr\u00fdva hra ve\u013emi hlbok\u00fa my\u0161lienku. Nadv\u00e4znos\u0165 na politick\u00fa situ\u00e1ciu a riadenie \u0161t\u00e1tu je neod\u0161kriepite\u013en\u00e1. Satirick\u00fd poh\u013ead na v\u00fdvin deja je ve\u013emi pou\u010dn\u00fd. Zatia\u013e \u010do ka\u017ed\u00fd, kto sa zmocn\u00ed zbrane, by mohol nastoli\u0165 pokoj a mier a spolo\u010dn\u00fdmi silami z\u00edska\u0165 k\u013e\u00fa\u010d od dver\u00ed a slobodu pre v\u0161etk\u00fdch, prvotne tak neurobil ani jeden z nich. Pocit moci jedinca nad ostatn\u00fdmi bezprostredne vedie k jej zneu\u017eitiu na vlastn\u00e9 \u00fa\u010dely, v \u010dom vid\u00edme paralely aj s na\u0161\u00edm re\u00e1lnym svetom. T\u00e1to my\u0161lienka je tak\u00e1 nad\u010dasov\u00e1 a jej anal\u00f3gia s aktu\u00e1lnou politikou tak\u00e1 trefn\u00e1, \u017ee sa daj\u00fa aplikova\u0165 na ak\u00fdko\u013evek \u0161t\u00e1t a jeho politick\u00fa situ\u00e1ciu. A zatia\u013e \u010do revolver metaforicky zast\u00e1va n\u00e1stroj moci na presadenie politick\u00fdch hodn\u00f4t a n\u00e1zorov individu\u00e1lnych os\u00f4b v inscen\u00e1cii, pren\u00e1\u0161a sa mi t\u00e1to anal\u00f3gia aj do s\u00fa\u010dasnej situ\u00e1cie na Ukrajine. Len\u017ee v tomto pr\u00edpade zbrane nie s\u00fa metaforou...<\/p>\n<p><span>Arch\u00edv RSKS<\/span><\/p>\n<p>&nbsp;<\/p>\n<ul><\/ul>\n<h3 id=\"wnd_TextBlock_26143_inner_0\" data-wnd_is_separable=\"1\" data-wnd_separable_index=\"0\" data-wnd_separable_id=\"wnd_TextBlock_26143\"><\/h3>\n<p>[\/et_pb_text][\/et_pb_column][\/et_pb_row][et_pb_row _builder_version=&#8220;4.9.3&#8243; _module_preset=&#8220;default&#8220; min_height=&#8220;82px&#8220; custom_margin=&#8220;-40px|auto|-42px|auto||&#8220;][et_pb_column _builder_version=&#8220;4.9.3&#8243; _module_preset=&#8220;default&#8220; type=&#8220;4_4&#8243;][et_pb_text _builder_version=&#8220;4.9.3&#8243; _module_preset=&#8220;default&#8220; hover_enabled=&#8220;0&#8243; sticky_enabled=&#8220;0&#8243; min_height=&#8220;27px&#8220;]<\/p>\n<h3><strong>FOTOGAL\u00c9RIA<\/strong><\/h3>\n<p>[\/et_pb_text][\/et_pb_column][\/et_pb_row][et_pb_row _builder_version=&#8220;4.9.3&#8243; _module_preset=&#8220;default&#8220; min_height=&#8220;277.1px&#8220;][et_pb_column type=&#8220;4_4&#8243; _builder_version=&#8220;4.9.3&#8243; _module_preset=&#8220;default&#8220;][et_pb_gallery gallery_ids=&#8220;681,680&#8243; show_title_and_caption=&#8220;off&#8220; _builder_version=&#8220;4.9.3&#8243; _module_preset=&#8220;default&#8220;][\/et_pb_gallery][\/et_pb_column][\/et_pb_row][\/et_pb_section]<\/p>","protected":false},"excerpt":{"rendered":"<p>[et_pb_section fb_built=&#8220;1&#8243; _builder_version=&#8220;4.9.3&#8243; _module_preset=&#8220;default&#8220; background_image=&#8220;http:\/\/wien-cz-sk.at\/wp-content\/uploads\/2022\/01\/background.png&#8220; custom_padding=&#8220;||0px|||&#8220;][et_pb_row _builder_version=&#8220;4.9.3&#8243; _module_preset=&#8220;default&#8220; custom_padding=&#8220;0px|||||&#8220;][et_pb_column type=&#8220;4_4&#8243; _builder_version=&#8220;4.9.3&#8243; _module_preset=&#8220;default&#8220;][et_pb_text _builder_version=&#8220;4.9.3&#8243; _module_preset=&#8220;default&#8220; background_layout=&#8220;dark&#8220;] DIVADELN\u00cd P\u0158EDSTAVEN\u00cd &#8211; NA KOHO TO SLOVO PADNE [\/et_pb_text][\/et_pb_column][\/et_pb_row][et_pb_row _builder_version=&#8220;4.9.3&#8243; _module_preset=&#8220;default&#8220;][et_pb_column type=&#8220;4_4&#8243; _builder_version=&#8220;4.9.3&#8243; _module_preset=&#8220;default&#8220;][et_pb_text _builder_version=&#8220;4.9.3&#8243; [&hellip;]<\/p>","protected":false},"author":1,"featured_media":0,"parent":0,"menu_order":0,"comment_status":"closed","ping_status":"closed","template":"","meta":{"_et_pb_use_builder":"on","_et_pb_old_content":"","_et_gb_content_width":"","om_disable_all_campaigns":false,"_mi_skip_tracking":false},"aioseo_notices":[],"_links":{"self":[{"href":"https:\/\/wien-cz-sk.at\/sk\/wp-json\/wp\/v2\/pages\/511"}],"collection":[{"href":"https:\/\/wien-cz-sk.at\/sk\/wp-json\/wp\/v2\/pages"}],"about":[{"href":"https:\/\/wien-cz-sk.at\/sk\/wp-json\/wp\/v2\/types\/page"}],"author":[{"embeddable":true,"href":"https:\/\/wien-cz-sk.at\/sk\/wp-json\/wp\/v2\/users\/1"}],"replies":[{"embeddable":true,"href":"https:\/\/wien-cz-sk.at\/sk\/wp-json\/wp\/v2\/comments?post=511"}],"version-history":[{"count":6,"href":"https:\/\/wien-cz-sk.at\/sk\/wp-json\/wp\/v2\/pages\/511\/revisions"}],"predecessor-version":[{"id":684,"href":"https:\/\/wien-cz-sk.at\/sk\/wp-json\/wp\/v2\/pages\/511\/revisions\/684"}],"wp:attachment":[{"href":"https:\/\/wien-cz-sk.at\/sk\/wp-json\/wp\/v2\/media?parent=511"}],"curies":[{"name":"wp","href":"https:\/\/api.w.org\/{rel}","templated":true}]}}