{"id":821,"date":"2022-05-03T06:56:34","date_gmt":"2022-05-03T06:56:34","guid":{"rendered":"https:\/\/wien-cz-sk.at\/?page_id=821"},"modified":"2022-05-03T13:38:17","modified_gmt":"2022-05-03T13:38:17","slug":"beseda-na-kus-reci-s-tomasem-czerninem","status":"publish","type":"page","link":"https:\/\/wien-cz-sk.at\/sk\/beseda-na-kus-reci-s-tomasem-czerninem","title":{"rendered":"Beseda \u201eNa kus \u0159e\u010di\u201c s Tom\u00e1\u0161em Czerninem"},"content":{"rendered":"<p>[et_pb_section fb_built=&#8220;1&#8243; _builder_version=&#8220;4.9.3&#8243; _module_preset=&#8220;default&#8220; background_image=&#8220;http:\/\/wien-cz-sk.at\/wp-content\/uploads\/2022\/01\/background.png&#8220; custom_padding=&#8220;||0px|||&#8220;][et_pb_row _builder_version=&#8220;4.9.3&#8243; _module_preset=&#8220;default&#8220; custom_padding=&#8220;0px|||||&#8220;][et_pb_column type=&#8220;4_4&#8243; _builder_version=&#8220;4.9.3&#8243; _module_preset=&#8220;default&#8220;][et_pb_text _builder_version=&#8220;4.9.3&#8243; _module_preset=&#8220;default&#8220; background_layout=&#8220;dark&#8220;]<\/p>\n<h1 style=\"text-align: center;\"><strong>BESEDA \"NA KUS RE\u010cI\" S TOM\u00c1\u0160OM CZERNINOM<\/strong><\/h1>\n<p>[\/et_pb_text][\/et_pb_column][\/et_pb_row][et_pb_row _builder_version=&#8220;4.9.3&#8243; _module_preset=&#8220;default&#8220;][et_pb_column type=&#8220;4_4&#8243; _builder_version=&#8220;4.9.3&#8243; _module_preset=&#8220;default&#8220;][et_pb_text _builder_version=&#8220;4.9.3&#8243; _module_preset=&#8220;default&#8220; background_layout=&#8220;dark&#8220;]<\/p>\n<h3 style=\"text-align: center;\"><strong>14. m\u00e1ja 2022\u00a0<\/strong><\/h3>\n<p>[\/et_pb_text][\/et_pb_column][\/et_pb_row][\/et_pb_section][et_pb_section fb_built=&#8220;1&#8243; _builder_version=&#8220;4.9.3&#8243; _module_preset=&#8220;default&#8220; custom_padding=&#8220;25px|||||&#8220;][et_pb_row _builder_version=&#8220;4.9.3&#8243; _module_preset=&#8220;default&#8220; custom_padding=&#8220;0px|||||&#8220;][et_pb_column type=&#8220;4_4&#8243; _builder_version=&#8220;4.9.3&#8243; _module_preset=&#8220;default&#8220;][et_pb_text _builder_version=&#8220;4.9.3&#8243; _module_preset=&#8220;default&#8220;]<\/p>\n<h3 style=\"text-align: center;\"><strong>Usporiadate\u013e<\/strong><\/h3>\n<h5 style=\"text-align: center;\"><strong>V\u00edde\u0148sk\u00e9 svobodn\u00e9 listy, \u010cesk\u00e9 srdce a Slovansk\u00e1 Beseda<\/strong><\/h5>\n<p>[\/et_pb_text][\/et_pb_column][\/et_pb_row][et_pb_row column_structure=&#8220;1_3,2_3&#8243; _builder_version=&#8220;4.9.3&#8243; _module_preset=&#8220;default&#8220; width=&#8220;78.9%&#8220; min_height=&#8220;811.9px&#8220; custom_margin=&#8220;-24px|auto|124px|auto||&#8220;][et_pb_column type=&#8220;1_3&#8243; _builder_version=&#8220;4.9.3&#8243; _module_preset=&#8220;default&#8220;][et_pb_text _builder_version=&#8220;4.9.3&#8243; _module_preset=&#8220;default&#8220;]<\/p>\n<h3 class=\"wnd-align-right\" id=\"wnd_TextBlock_483074_inner_0\" data-wnd_is_separable=\"1\" data-wnd_separable_index=\"0\" data-wnd_separable_id=\"wnd_TextBlock_483074\"><strong>MIESTO KONANIA<\/strong><\/h3>\n<div class=\"wnd-align-right\"><span>Drachengasse 3, <\/span><\/div>\n<div class=\"wnd-align-right\"><span>1010 Wien<\/span><\/div>\n<h3 class=\"wnd-align-right\" id=\"wnd_TextBlock_483074_inner_2\" data-wnd_is_separable=\"1\" data-wnd_separable_index=\"2\" data-wnd_separable_id=\"wnd_TextBlock_483074\"><span class=\"wnd-font-size-70\"><strong>D\u00c1TUM<\/strong><\/span><\/h3>\n<p class=\"wnd-align-right\" id=\"wnd_TextBlock_483074_inner_3\" data-wnd_is_separable=\"1\" data-wnd_separable_index=\"3\" data-wnd_separable_id=\"wnd_TextBlock_483074\">14. 05. 2022<\/p>\n<h3 class=\"wnd-align-right\" id=\"wnd_TextBlock_483074_inner_4\" data-wnd_is_separable=\"1\" data-wnd_separable_index=\"4\" data-wnd_separable_id=\"wnd_TextBlock_483074\"><span><strong>ZA\u010cIATOK\u00a0<\/strong><\/span><\/h3>\n<p class=\"wnd-align-right\" id=\"wnd_TextBlock_483074_inner_5\" data-wnd_is_separable=\"1\" data-wnd_separable_index=\"5\" data-wnd_separable_id=\"wnd_TextBlock_483074\">17:00<\/p>\n<h3 class=\"wnd-align-right\" data-wnd_is_separable=\"1\" data-wnd_separable_index=\"11\" data-wnd_separable_id=\"wnd_TextBlock_483074\"><strong>HOSTIA<\/strong><\/h3>\n<p>Tom\u00e1\u0161 Czernin<\/p>\n<h3 class=\"wnd-align-right\" data-wnd_is_separable=\"1\" data-wnd_separable_index=\"11\" data-wnd_separable_id=\"wnd_TextBlock_483074\"><strong>PARTNERI<\/strong><\/h3>\n<p><img decoding=\"async\" loading=\"lazy\" src=\"https:\/\/wien-cz-sk.at\/wp-content\/uploads\/2022\/01\/vsl-300x181.png\" width=\"217\" height=\"131\" alt=\"\" class=\"wp-image-260 alignnone size-medium\" srcset=\"https:\/\/wien-cz-sk.at\/wp-content\/uploads\/2022\/01\/vsl-300x181.png 300w, https:\/\/wien-cz-sk.at\/wp-content\/uploads\/2022\/01\/vsl-18x12.png 18w, https:\/\/wien-cz-sk.at\/wp-content\/uploads\/2022\/01\/vsl.png 452w\" sizes=\"(max-width: 217px) 100vw, 217px\" \/><\/p>\n<p><img decoding=\"async\" loading=\"lazy\" src=\"https:\/\/wien-cz-sk.at\/wp-content\/uploads\/2022\/05\/ceske_srdce-1-300x181-1.png\" width=\"217\" height=\"131\" alt=\"\" class=\"wp-image-826 alignnone size-full\" srcset=\"https:\/\/wien-cz-sk.at\/wp-content\/uploads\/2022\/05\/ceske_srdce-1-300x181-1.png 300w, https:\/\/wien-cz-sk.at\/wp-content\/uploads\/2022\/05\/ceske_srdce-1-300x181-1-18x12.png 18w\" sizes=\"(max-width: 217px) 100vw, 217px\" \/><\/p>\n<p>[\/et_pb_text][\/et_pb_column][et_pb_column type=&#8220;2_3&#8243; _builder_version=&#8220;4.9.3&#8243; _module_preset=&#8220;default&#8220;][et_pb_image src=&#8220;https:\/\/wien-cz-sk.at\/wp-content\/uploads\/2022\/05\/Tomas_Czernin_in_2016-scaled.jpg&#8220; title_text=&#8220;Tom\u00e1\u0161_Czernin_in_2016&#8243; src_tablet=&#8220;&#8220; src_phone=&#8220;&#8220; src_last_edited=&#8220;on|phone&#8220; _builder_version=&#8220;4.9.3&#8243; _module_preset=&#8220;default&#8220; custom_margin=&#8220;-5px||-148px|||&#8220; custom_padding=&#8220;8px|||||&#8220;][\/et_pb_image][\/et_pb_column][\/et_pb_row][et_pb_row column_structure=&#8220;1_3,2_3&#8243; _builder_version=&#8220;4.9.3&#8243; _module_preset=&#8220;default&#8220; min_height=&#8220;863.6px&#8220; custom_padding=&#8220;0px|||||&#8220;][et_pb_column type=&#8220;1_3&#8243; _builder_version=&#8220;4.9.3&#8243; _module_preset=&#8220;default&#8220;][\/et_pb_column][et_pb_column type=&#8220;2_3&#8243; _builder_version=&#8220;4.9.3&#8243; _module_preset=&#8220;default&#8220;][et_pb_text _builder_version=&#8220;4.9.3&#8243; _module_preset=&#8220;default&#8220; hover_enabled=&#8220;0&#8243; sticky_enabled=&#8220;0&#8243;]<\/p>\n<h3><strong>Na kus re\u010di s Tom\u00e1\u0161om Czerninom<\/strong><\/h3>\n<p>Viedensk\u00e9 slobodn\u00e9 listy pripravili v okt\u00f3bri 2020 vo svojej s\u00e9rii Na kus re\u010di\u2026 besedu so sen\u00e1torom Ing. Tom\u00e1\u0161om Czerninom, predsedom St\u00e1lej komisie Sen\u00e1tu Parlamentu \u010cR pre krajanov \u017eij\u00facich v zahrani\u010d\u00ed (TOP 09). Z d\u00f4vodu epid\u00e9mie Covid-19 musela by\u0165 vtedy beseda odlo\u017een\u00e1. Teraz sa podarilo n\u00e1js\u0165 n\u00e1hradn\u00fd term\u00edn a Tom\u00e1\u0161 Czernin n\u00e1s pr\u00edde nav\u0161t\u00edvi\u0165 do Viedne 14. m\u00e1ja 2022. Sme za to ve\u013emi pov\u010fa\u010dn\u00ed aj kv\u00f4li dne\u0161nej zlo\u017eitej dobe.<\/p>\n<p>Sen\u00e1tor Tom\u00e1\u0161 Czernin m\u00e1 s Vied\u0148ou ve\u013ea spolo\u010dn\u00e9ho \u2013 mohli by sme poveda\u0165, \u017ee jednou nohou je aj viedensk\u00fdm \u010cechom. To napoved\u00e1, ak\u00e9 bud\u00fa t\u00e9my \u010fal\u0161ej z radu ob\u013e\u00faben\u00fdch besied, organizovan\u00fdch Viedensk\u00fdmi slobodn\u00fdmi listami (VSL). Po\u010das ve\u010dera moderovan\u00e9ho redaktorkami VSL d\u00f4jde tradi\u010dne aj na ot\u00e1zky z publika. Organiz\u00e1tori \u2013 Viedensk\u00e9 slobodn\u00e9 listy a spolky \u010cesk\u00e9 srdce a Slovansk\u00e1 Beseda i ich hos\u0165 veria, \u017ee sa tentoraz beseda \u00faspe\u0161ne uskuto\u010dn\u00ed a ni\u010d nenaru\u0161\u00ed na\u0161e pl\u00e1ny.<\/p>\n<p>O hudobn\u00e9 intermezzo po\u010das ve\u010dera sa postar\u00e1 \u010desko-viedensk\u00fd ans\u00e1mbel tambura\u0161ov ADRIA. Z\u00e1ujemcom o besedu odpor\u00fa\u010dame, aby sa prihl\u00e1sili na e-mail: <strong>events.vsl@gmail.com<\/strong> alebo na tel. \u010d\u00edsle 0043 664 5323261.<\/p>\n<p>Srde\u010dne V\u00e1s poz\u00fdvame! Pr\u00ed\u010fte do Slovanskej besedy, Drachengasse 3, Viede\u0148 I. \u201eNa kus re\u010di... s Tom\u00e1\u0161om Czerninom!<\/p>\n<div><em><strong>Beseda se kon\u00e1 pod z\u00e1\u0161titou Jakuba Nov\u00e1ka,<\/strong><\/em><br aria-hidden=\"true\" \/><em><strong>charg\u00e9 d\u00b4affaires a. i. Ve\u013evyslanectva \u010ceskej republiky vo Viedni<\/strong><\/em><br aria-hidden=\"true\" \/><em><strong>a Men\u0161inovej rady \u010ceskej a slovenskej vetvy v Rak\u00fasku<\/strong><\/em><\/div>\n<div><br aria-hidden=\"true\" \/>Podujatie sa uskuto\u010dn\u00ed za podmienok aktu\u00e1lne platn\u00fdch obmedzen\u00ed kv\u00f4li pand\u00e9mii covid-19.<\/div>\n<p><strong>Ing. Tom\u00e1\u0161 Czernin<\/strong><\/p>\n<p>je sen\u00e1torom P\u010cR za obvod \u010d. 37 - Ji\u010d\u00edn, podpredsedom TOP 09 a zastupite\u013eom obce Dymokury. Tom\u00e1\u0161 Czernin je pr\u00edslu\u0161n\u00edkom rodu Czernin, ktor\u00e9ho vplyv sa tiahne cel\u00fdmi dejinami \u010desk\u00fdch zem\u00ed. Je najstar\u0161\u00edm synom Theobalda Czernina a Polyxeny Lobkowiczovej, pr\u00edslu\u0161n\u00edkom vinorskej vetvy rodu Czerninov, lesn\u00edk a po\u013enohospod\u00e1r, majite\u013e z\u00e1mku Dymokury. Jeho man\u017eelka Ursula Czerninov\u00e1, rod. Piringer poch\u00e1dza z Viedne, vy\u0161tudovala vo Viedni a v R\u00edme hist\u00f3riu so zameran\u00edm na ran\u00fd novovek. Nau\u010dila sa po \u010desky. Maj\u00fa spolu \u0161tyri deti, z ktor\u00fdch tri sa narodili vo Viedni. Tom\u00e1\u0161 Czernin je absolventom \u010cesk\u00e9ho vysok\u00e9ho u\u010denia technick\u00e9ho (\u010cVUT) v Prahe. V Sen\u00e1te je \u010dlenom nieko\u013ek\u00fdch komisi\u00ed a v\u00fdborov (V\u00fdbor pre zahrani\u010dn\u00e9 z\u00e1le\u017eitosti, obranu a bezpe\u010dnos\u0165; Podv\u00fdbor pre po\u013enohospod\u00e1rstvo V\u00fdbor pre hospod\u00e1rstvo, po\u013enohospod\u00e1rstvo a dopravu; St\u00e1la deleg\u00e1cia Parlamentu \u010ceskej republiky do Parlamentn\u00e9ho zhroma\u017edenia NATO; Sen\u00e1torsk\u00fd klub starostov a nez\u00e1visl\u00fdch) a predsedom St\u00e1lej komisie Sen\u00e1tu Parlamentu \u010cR pre krajanov \u017eij\u00facich v zahrani\u010d\u00ed. Dlh\u00e9 roky sa zasadzuje o zavedenie kore\u0161ponden\u010dn\u00e9ho hlasovania pre ob\u010danov \u010cR \u017eij\u00facich kr\u00e1tkodobo alebo dlhodobo v zahrani\u010d\u00ed.<\/p>\n<p>HH<\/p>\n<p>Foto: Martin Vl\u010dek, Kancel\u00e1r Sen\u00e1tu<\/p>\n<p>[\/et_pb_text][\/et_pb_column][\/et_pb_row][et_pb_row _builder_version=&#8220;4.9.3&#8243; _module_preset=&#8220;default&#8220;][et_pb_column type=&#8220;4_4&#8243; _builder_version=&#8220;4.9.3&#8243; _module_preset=&#8220;default&#8220;][et_pb_text _builder_version=&#8220;4.9.3&#8243; _module_preset=&#8220;default&#8220;]<\/p>\n<h3><strong>FOTOGAL\u00c9RIA<\/strong><\/h3>\n<p>[\/et_pb_text][\/et_pb_column][\/et_pb_row][et_pb_row _builder_version=&#8220;4.9.3&#8243; _module_preset=&#8220;default&#8220;][et_pb_column type=&#8220;4_4&#8243; _builder_version=&#8220;4.9.3&#8243; _module_preset=&#8220;default&#8220;][\/et_pb_column][\/et_pb_row][\/et_pb_section]<\/p>","protected":false},"excerpt":{"rendered":"<p>[et_pb_section fb_built=&#8220;1&#8243; _builder_version=&#8220;4.9.3&#8243; _module_preset=&#8220;default&#8220; background_image=&#8220;http:\/\/wien-cz-sk.at\/wp-content\/uploads\/2022\/01\/background.png&#8220; custom_padding=&#8220;||0px|||&#8220;][et_pb_row _builder_version=&#8220;4.9.3&#8243; _module_preset=&#8220;default&#8220; custom_padding=&#8220;0px|||||&#8220;][et_pb_column type=&#8220;4_4&#8243; _builder_version=&#8220;4.9.3&#8243; _module_preset=&#8220;default&#8220;][et_pb_text _builder_version=&#8220;4.9.3&#8243; _module_preset=&#8220;default&#8220; background_layout=&#8220;dark&#8220;] BESEDA \u201eNA KUS \u0158E\u010cI\u201c S TOM\u00c1\u0160EM CZERNINEM [\/et_pb_text][\/et_pb_column][\/et_pb_row][et_pb_row _builder_version=&#8220;4.9.3&#8243; _module_preset=&#8220;default&#8220;][et_pb_column type=&#8220;4_4&#8243; _builder_version=&#8220;4.9.3&#8243; _module_preset=&#8220;default&#8220;][et_pb_text _builder_version=&#8220;4.9.3&#8243; _module_preset=&#8220;default&#8220; [&hellip;]<\/p>","protected":false},"author":1,"featured_media":0,"parent":0,"menu_order":0,"comment_status":"closed","ping_status":"closed","template":"","meta":{"_et_pb_use_builder":"on","_et_pb_old_content":"","_et_gb_content_width":"","om_disable_all_campaigns":false,"_mi_skip_tracking":false},"aioseo_notices":[],"_links":{"self":[{"href":"https:\/\/wien-cz-sk.at\/sk\/wp-json\/wp\/v2\/pages\/821"}],"collection":[{"href":"https:\/\/wien-cz-sk.at\/sk\/wp-json\/wp\/v2\/pages"}],"about":[{"href":"https:\/\/wien-cz-sk.at\/sk\/wp-json\/wp\/v2\/types\/page"}],"author":[{"embeddable":true,"href":"https:\/\/wien-cz-sk.at\/sk\/wp-json\/wp\/v2\/users\/1"}],"replies":[{"embeddable":true,"href":"https:\/\/wien-cz-sk.at\/sk\/wp-json\/wp\/v2\/comments?post=821"}],"version-history":[{"count":5,"href":"https:\/\/wien-cz-sk.at\/sk\/wp-json\/wp\/v2\/pages\/821\/revisions"}],"predecessor-version":[{"id":830,"href":"https:\/\/wien-cz-sk.at\/sk\/wp-json\/wp\/v2\/pages\/821\/revisions\/830"}],"wp:attachment":[{"href":"https:\/\/wien-cz-sk.at\/sk\/wp-json\/wp\/v2\/media?parent=821"}],"curies":[{"name":"wp","href":"https:\/\/api.w.org\/{rel}","templated":true}]}}